{"id":3111,"date":"2017-12-08T14:18:16","date_gmt":"2017-12-08T19:18:16","guid":{"rendered":"https:\/\/orthodiv.org\/?page_id=3111"},"modified":"2024-12-02T11:36:06","modified_gmt":"2024-12-02T16:36:06","slug":"evenements-a-venir","status":"publish","type":"page","link":"https:\/\/www.orthodiv.org\/fr\/reseauter-avec-ses-pairs\/evenements-a-venir\/","title":{"rendered":"\u00c9v\u00e9nements \u00e0 venir"},"content":{"rendered":"<h3><img loading=\"lazy\" decoding=\"async\" class=\"aligncenter size-full wp-image-21830\" src=\"https:\/\/www.orthodiv.org\/wp-content\/uploads\/2024\/11\/2025-Ortho-Symposium-Skyline-V5-800.jpg\" alt=\"\" width=\"800\" height=\"347\" srcset=\"https:\/\/www.orthodiv.org\/wp-content\/uploads\/2024\/11\/2025-Ortho-Symposium-Skyline-V5-800.jpg 800w, https:\/\/www.orthodiv.org\/wp-content\/uploads\/2024\/11\/2025-Ortho-Symposium-Skyline-V5-800-300x130.jpg 300w, https:\/\/www.orthodiv.org\/wp-content\/uploads\/2024\/11\/2025-Ortho-Symposium-Skyline-V5-800-768x333.jpg 768w\" sizes=\"auto, (max-width: 800px) 100vw, 800px\" \/><br \/>\nSymposium De Physioth\u00e9rapie Orthop\u00e9dique 2025 &#8211; Kelowna<\/h3>\n<p>May 2-4<\/p>\n<p><strong>\u00c9largir nos horizons! Symposium orthop\u00e9dique 2025 \u00e0 Kelowna <\/strong><\/p>\n<p>Joignez-vous \u00e0 nous pour un symposium transformateur de 3 jours o\u00f9 vous pourrez vous connecter avec des pairs, approfondir votre \u00e9ducation et \u00e9tablir des liens avec des partenaires internationaux. Ne manquez pas cette occasion d\u2019\u00e9largir vos horizons et de cr\u00e9er des connexions pr\u00e9cieuses !<\/p>\n<p><a class=\"greenBtn\" href=\"https:\/\/bondexec.eventsair.com\/ortho2025\/register\/\">S&#8217;inscrire Maintenant<\/a><\/p>\n<hr \/>\n","protected":false},"excerpt":{"rendered":"<p>Symposium De Physioth\u00e9rapie Orthop\u00e9dique 2025 &#8211; Kelowna May 2-4 \u00c9largir nos horizons! Symposium orthop\u00e9dique 2025 \u00e0 Kelowna Joignez-vous \u00e0 nous pour un symposium transformateur de 3 jours o\u00f9 vous pourrez vous connecter avec des pairs, approfondir votre \u00e9ducation et \u00e9tablir des liens avec des partenaires internationaux. Ne manquez pas cette occasion d\u2019\u00e9largir vos horizons et&#8230;  <a class=\"excerpt-read-more\" href=\"https:\/\/www.orthodiv.org\/fr\/reseauter-avec-ses-pairs\/evenements-a-venir\/\" title=\"Lire\u00c9v\u00e9nements \u00e0 venir\">Lire la suite &raquo;<\/a><\/p>\n","protected":false},"author":1,"featured_media":0,"parent":3107,"menu_order":2,"comment_status":"closed","ping_status":"closed","template":"","meta":{"_bbp_topic_count":0,"_bbp_reply_count":0,"_bbp_total_topic_count":0,"_bbp_total_reply_count":0,"_bbp_voice_count":0,"_bbp_anonymous_reply_count":0,"_bbp_topic_count_hidden":0,"_bbp_reply_count_hidden":0,"_bbp_forum_subforum_count":0,"inline_featured_image":false,"footnotes":""},"class_list":["post-3111","page","type-page","status-publish","hentry"],"_links":{"self":[{"href":"https:\/\/www.orthodiv.org\/fr\/wp-json\/wp\/v2\/pages\/3111","targetHints":{"allow":["GET"]}}],"collection":[{"href":"https:\/\/www.orthodiv.org\/fr\/wp-json\/wp\/v2\/pages"}],"about":[{"href":"https:\/\/www.orthodiv.org\/fr\/wp-json\/wp\/v2\/types\/page"}],"author":[{"embeddable":true,"href":"https:\/\/www.orthodiv.org\/fr\/wp-json\/wp\/v2\/users\/1"}],"replies":[{"embeddable":true,"href":"https:\/\/www.orthodiv.org\/fr\/wp-json\/wp\/v2\/comments?post=3111"}],"version-history":[{"count":3,"href":"https:\/\/www.orthodiv.org\/fr\/wp-json\/wp\/v2\/pages\/3111\/revisions"}],"predecessor-version":[{"id":21980,"href":"https:\/\/www.orthodiv.org\/fr\/wp-json\/wp\/v2\/pages\/3111\/revisions\/21980"}],"up":[{"embeddable":true,"href":"https:\/\/www.orthodiv.org\/fr\/wp-json\/wp\/v2\/pages\/3107"}],"wp:attachment":[{"href":"https:\/\/www.orthodiv.org\/fr\/wp-json\/wp\/v2\/media?parent=3111"}],"curies":[{"name":"wp","href":"https:\/\/api.w.org\/{rel}","templated":true}]}}