{"id":3169,"date":"2017-12-12T15:19:36","date_gmt":"2017-12-12T20:19:36","guid":{"rendered":"https:\/\/orthodiv.org\/demande-dinscription-a-lexamen-pratique-de-niveau-intermediaire\/"},"modified":"2023-06-19T11:29:53","modified_gmt":"2023-06-19T15:29:53","slug":"demande-dinscription-a-lexamen-pratique-de-niveau-intermediaire","status":"publish","type":"page","link":"https:\/\/www.orthodiv.org\/fr\/la-formation-pour-ameliorer-vos-competences\/les-formulaires-dexamen\/demande-dinscription-a-lexamen-pratique-de-niveau-intermediaire\/","title":{"rendered":"Demande d&#8217;inscription \u00e0 l&#8217;examen pratique de niveau interm\u00e9diaire"},"content":{"rendered":"<ul class=\"content-list\">\n<li><strong>La candidate ou le candidat DOIT \u00eatre membre de la division d\u2019orthop\u00e9die pour pr\u00e9senter sa demande. AUCUNE EXCEPTION.<\/strong><\/li>\n<li><strong>AUCUNE EXCEPTION NE SERA ACCORD\u00c9E POUR LES DEMANDES TARDIVES. NE PAS T\u00c9L\u00c9COPIER LA DEMANDE.<\/strong><\/li>\n<\/ul>\n<p>D\u00e9sol\u00e9. Vous devez \u00eatre connect\u00e9 pour acc\u00e9der \u00e0 ce formulaire.<\/p>\n","protected":false},"excerpt":{"rendered":"<p>La candidate ou le candidat DOIT \u00eatre membre de la division d\u2019orthop\u00e9die pour pr\u00e9senter sa demande. AUCUNE EXCEPTION. AUCUNE EXCEPTION NE SERA ACCORD\u00c9E POUR LES DEMANDES TARDIVES. NE PAS T\u00c9L\u00c9COPIER LA DEMANDE.<\/p>\n","protected":false},"author":1,"featured_media":0,"parent":3603,"menu_order":0,"comment_status":"closed","ping_status":"closed","template":"","meta":{"_bbp_topic_count":0,"_bbp_reply_count":0,"_bbp_total_topic_count":0,"_bbp_total_reply_count":0,"_bbp_voice_count":0,"_bbp_anonymous_reply_count":0,"_bbp_topic_count_hidden":0,"_bbp_reply_count_hidden":0,"_bbp_forum_subforum_count":0,"inline_featured_image":false,"footnotes":""},"class_list":["post-3169","page","type-page","status-publish","hentry"],"_links":{"self":[{"href":"https:\/\/www.orthodiv.org\/fr\/wp-json\/wp\/v2\/pages\/3169","targetHints":{"allow":["GET"]}}],"collection":[{"href":"https:\/\/www.orthodiv.org\/fr\/wp-json\/wp\/v2\/pages"}],"about":[{"href":"https:\/\/www.orthodiv.org\/fr\/wp-json\/wp\/v2\/types\/page"}],"author":[{"embeddable":true,"href":"https:\/\/www.orthodiv.org\/fr\/wp-json\/wp\/v2\/users\/1"}],"replies":[{"embeddable":true,"href":"https:\/\/www.orthodiv.org\/fr\/wp-json\/wp\/v2\/comments?post=3169"}],"version-history":[{"count":4,"href":"https:\/\/www.orthodiv.org\/fr\/wp-json\/wp\/v2\/pages\/3169\/revisions"}],"predecessor-version":[{"id":17314,"href":"https:\/\/www.orthodiv.org\/fr\/wp-json\/wp\/v2\/pages\/3169\/revisions\/17314"}],"up":[{"embeddable":true,"href":"https:\/\/www.orthodiv.org\/fr\/wp-json\/wp\/v2\/pages\/3603"}],"wp:attachment":[{"href":"https:\/\/www.orthodiv.org\/fr\/wp-json\/wp\/v2\/media?parent=3169"}],"curies":[{"name":"wp","href":"https:\/\/api.w.org\/{rel}","templated":true}]}}