{"id":3687,"date":"2018-03-07T08:31:03","date_gmt":"2018-03-07T13:31:03","guid":{"rendered":"https:\/\/orthodiv.org\/ressources-concernant-les-pratiques-exemplaires\/revue-de-la-division-orthopedique-numeros-precedents-en-anglais\/"},"modified":"2018-03-07T08:31:03","modified_gmt":"2018-03-07T13:31:03","slug":"revue-de-la-division-orthopedique-numeros-precedents-en-anglais","status":"publish","type":"page","link":"https:\/\/www.orthodiv.org\/fr\/ressources-concernant-les-pratiques-exemplaires\/revue-de-la-division-orthopedique-numeros-precedents-en-anglais\/","title":{"rendered":"Revue de la Division Orthop\u00e9dique Num\u00e9ros pr\u00e9c\u00e9dents (en anglais)"},"content":{"rendered":"<div class=\"archive-article\"><section class=\"entry-content cf\"><h2 class=\"entry-title\"><a href=\"https:\/\/www.orthodiv.org\/fr\/journal\/vol38n2\/\" rel=\"bookmark\">Revue clinique de la division d\u2019orthop\u00e9die (RCDO) &#8211; Le vertige positionnel paroxystique b\u00e9nin (VPPB)\u00a0: un aper\u00e7u<\/a><\/h2><div class=\"post-byline\"><\/div>Note des r\u00e9dacteurs Vol 38 no 2 &#8211; Avril 2025: Le vertige positionnel paroxystique b\u00e9nin (VPPB)\u00a0: un aper\u00e7u Note de la r\u00e9daction : Les \u00e9tourdissements sont un sympt\u00f4me courant dans le domaine des soins musculosquelettiques. En tant que physioth\u00e9rapeutes, nous devons en trouver les causes potentielles et d\u00e9pister les pathologies graves qui n\u00e9cessitent une orientation...  <a class=\"excerpt-read-more\" href=\"https:\/\/www.orthodiv.org\/fr\/journal\/vol38n2\/\" title=\"LireRevue clinique de la division d\u2019orthop\u00e9die (RCDO) &#8211; Le vertige positionnel paroxystique b\u00e9nin (VPPB)\u00a0: un aper\u00e7u\">Lire la suite &raquo;<\/a><\/section><\/div><div class=\"archive-article\"><section class=\"entry-content cf\"><h2 class=\"entry-title\"><a href=\"https:\/\/www.orthodiv.org\/fr\/journal\/vol38n1\/\" rel=\"bookmark\">Revue clinique de la division d\u2019orthop\u00e9die (RCDO) \u2013 La th\u00e9rapie fonctionnelle cognitive (TFC)\u00a0: une approche de la lombalgie chronique ax\u00e9e sur le patient<\/a><\/h2><div class=\"post-byline\"><\/div>Note des r\u00e9dacteurs Vol 38 no 1 &#8211; janvier 2025: La th\u00e9rapie fonctionnelle cognitive (TFC)\u00a0: une approche de la lombalgie chronique ax\u00e9e sur le patient Note de la r\u00e9daction\u00a0: La lombalgie chronique est l\u2019une des affections les plus courantes en clinique priv\u00e9e de physioth\u00e9rapie. Souvent, les patients qui en souffrent ont essay\u00e9 bien des traitements...  <a class=\"excerpt-read-more\" href=\"https:\/\/www.orthodiv.org\/fr\/journal\/vol38n1\/\" title=\"LireRevue clinique de la division d\u2019orthop\u00e9die (RCDO) \u2013 La th\u00e9rapie fonctionnelle cognitive (TFC)\u00a0: une approche de la lombalgie chronique ax\u00e9e sur le patient\">Lire la suite &raquo;<\/a><\/section><\/div><div class=\"archive-article\"><section class=\"entry-content cf\"><h2 class=\"entry-title\"><a href=\"https:\/\/www.orthodiv.org\/fr\/journal\/vol37n3\/\" rel=\"bookmark\">Revue clinique de la division d\u2019orthop\u00e9die (RCDO) \u2013 D\u00e9clarations de consensus du Comit\u00e9 International Olympique (CIO)<\/a><\/h2><div class=\"post-byline\"><\/div>Note des r\u00e9dacteurs Vol 37 no 3 &#8211; juillet 2024: D\u00e9clarations de consensus du Comit\u00e9 International Olympique (CIO) Les Jeux olympiques de Paris\u00a02024 approchent \u00e0 grands pas, et nous souhaitons aborder les d\u00e9clarations de consensus publi\u00e9es au cours des douze derniers mois dans le domaine des sports. Nous devons pouvoir reconna\u00eetre les signes et les...  <a class=\"excerpt-read-more\" href=\"https:\/\/www.orthodiv.org\/fr\/journal\/vol37n3\/\" title=\"LireRevue clinique de la division d\u2019orthop\u00e9die (RCDO) \u2013 D\u00e9clarations de consensus du Comit\u00e9 International Olympique (CIO)\">Lire la suite &raquo;<\/a><\/section><\/div><div class=\"archive-article\"><section class=\"entry-content cf\"><h2 class=\"entry-title\"><a href=\"https:\/\/www.orthodiv.org\/fr\/journal\/vol36n5\/\" rel=\"bookmark\">Revue clinique de la division d\u2019orthop\u00e9die (RCDO) \u2013 Blessures li\u00e9es \u00e0 la course \u00e0 pied<\/a><\/h2><div class=\"post-byline\"><\/div>Note des r\u00e9dacteurs Vol 36 no 5 &#8211; Octobre 2023: Blessures li\u00e9es \u00e0 la course \u00e0 pied ou RRI, pour running related injuries Accessible et peu co\u00fbteuse, la course \u00e0 pied a gagn\u00e9 en popularit\u00e9 depuis la pand\u00e9mie. Revoyez les blessures li\u00e9es \u00e0 la course \u00e0 pied (ou RRI, pour running related injuries) dans ce...  <a class=\"excerpt-read-more\" href=\"https:\/\/www.orthodiv.org\/fr\/journal\/vol36n5\/\" title=\"LireRevue clinique de la division d\u2019orthop\u00e9die (RCDO) \u2013 Blessures li\u00e9es \u00e0 la course \u00e0 pied\">Lire la suite &raquo;<\/a><\/section><\/div><nav class=\"pagination\"><ul class='page-numbers'>\n\t<li><span aria-current=\"page\" class=\"page-numbers current\">1<\/span><\/li>\n\t<li><a class=\"page-numbers\" href=\"https:\/\/www.orthodiv.org\/fr\/wp-json\/wp\/v2\/pages\/3687\/page\/2\/\">2<\/a><\/li>\n\t<li><a class=\"page-numbers\" href=\"https:\/\/www.orthodiv.org\/fr\/wp-json\/wp\/v2\/pages\/3687\/page\/3\/\">3<\/a><\/li>\n\t<li><a class=\"page-numbers\" href=\"https:\/\/www.orthodiv.org\/fr\/wp-json\/wp\/v2\/pages\/3687\/page\/4\/\">4<\/a><\/li>\n\t<li><a class=\"next page-numbers\" href=\"https:\/\/www.orthodiv.org\/fr\/wp-json\/wp\/v2\/pages\/3687\/page\/2\/\"><span class=\"fa fa-arrow-right\" aria-hidden=\"true\"><\/span><\/a><\/li>\n<\/ul>\n<\/nav>\n","protected":false},"excerpt":{"rendered":"Note des r\u00e9dacteurs Vol 36 no 5 - Octobre 2023: Blessures li\u00e9es \u00e0 la course \u00e0 pied ou RRI, pour running related injuries Accessible et peu co\u00fbteuse, la course \u00e0 pied a gagn\u00e9 en popularit\u00e9 depuis la pand\u00e9mie. Revoyez les blessures li\u00e9es \u00e0 la course \u00e0 pied (ou RRI, pour running related injuries) dans ce...  <a class=\"excerpt-read-more\" href=\"https:\/\/www.orthodiv.org\/fr\/journal\/vol36n5\/\" title=\"LireRevue clinique de la division d\u2019orthop\u00e9die (RCDO) \u2013 Blessures li\u00e9es \u00e0 la course \u00e0 pied\">Lire la suite &raquo;<\/a>","protected":false},"author":1,"featured_media":0,"parent":3103,"menu_order":10,"comment_status":"closed","ping_status":"closed","template":"","meta":{"_bbp_topic_count":0,"_bbp_reply_count":0,"_bbp_total_topic_count":0,"_bbp_total_reply_count":0,"_bbp_voice_count":0,"_bbp_anonymous_reply_count":0,"_bbp_topic_count_hidden":0,"_bbp_reply_count_hidden":0,"_bbp_forum_subforum_count":0,"inline_featured_image":false,"footnotes":""},"class_list":["post-3687","page","type-page","status-publish","hentry"],"_links":{"self":[{"href":"https:\/\/www.orthodiv.org\/fr\/wp-json\/wp\/v2\/pages\/3687","targetHints":{"allow":["GET"]}}],"collection":[{"href":"https:\/\/www.orthodiv.org\/fr\/wp-json\/wp\/v2\/pages"}],"about":[{"href":"https:\/\/www.orthodiv.org\/fr\/wp-json\/wp\/v2\/types\/page"}],"author":[{"embeddable":true,"href":"https:\/\/www.orthodiv.org\/fr\/wp-json\/wp\/v2\/users\/1"}],"replies":[{"embeddable":true,"href":"https:\/\/www.orthodiv.org\/fr\/wp-json\/wp\/v2\/comments?post=3687"}],"version-history":[{"count":0,"href":"https:\/\/www.orthodiv.org\/fr\/wp-json\/wp\/v2\/pages\/3687\/revisions"}],"up":[{"embeddable":true,"href":"https:\/\/www.orthodiv.org\/fr\/wp-json\/wp\/v2\/pages\/3103"}],"wp:attachment":[{"href":"https:\/\/www.orthodiv.org\/fr\/wp-json\/wp\/v2\/media?parent=3687"}],"curies":[{"name":"wp","href":"https:\/\/api.w.org\/{rel}","templated":true}]}}